{"id":408,"date":"2025-01-20T19:41:55","date_gmt":"2025-01-20T18:41:55","guid":{"rendered":"https:\/\/geoseminaire2025.teledetection.fr\/?page_id=408"},"modified":"2025-02-15T16:53:45","modified_gmt":"2025-02-15T15:53:45","slug":"anciennes-editions","status":"publish","type":"page","link":"https:\/\/geoseminaire2025.teledetection.fr\/?page_id=408","title":{"rendered":"Anciennes \u00e9ditions"},"content":{"rendered":"\n<h2 class=\"wp-block-heading has-text-align-center has-text-color has-link-color has-large-font-size wp-elements-3f3d04b46752c2586192d938c46cbe96\" style=\"color:#5814eb\"><strong><a href=\"https:\/\/www.flaticon.com\/fr\/icones-gratuites\/livre\"><img loading=\"lazy\" decoding=\"async\" width=\"35\" height=\"35\" class=\"wp-image-869\" style=\"width: 35px;\" src=\"https:\/\/geoseminaire2025.teledetection.fr\/wp-content\/uploads\/2025\/02\/livre.png\" alt=\"Anciennes \u00e9ditions du g\u00e9os\u00e9minaire\" srcset=\"https:\/\/geoseminaire2025.teledetection.fr\/wp-content\/uploads\/2025\/02\/livre.png 512w, https:\/\/geoseminaire2025.teledetection.fr\/wp-content\/uploads\/2025\/02\/livre-300x300.png 300w, https:\/\/geoseminaire2025.teledetection.fr\/wp-content\/uploads\/2025\/02\/livre-150x150.png 150w\" sizes=\"auto, (max-width: 35px) 100vw, 35px\" \/><\/a> Anciennes \u00e9ditions <a href=\"https:\/\/www.flaticon.com\/fr\/icones-gratuites\/livre\"><img loading=\"lazy\" decoding=\"async\" width=\"35\" height=\"35\" class=\"wp-image-869\" style=\"width: 35px;\" src=\"https:\/\/geoseminaire2025.teledetection.fr\/wp-content\/uploads\/2025\/02\/livre.png\" alt=\"Anciennes \u00e9ditions du g\u00e9os\u00e9minaire\" srcset=\"https:\/\/geoseminaire2025.teledetection.fr\/wp-content\/uploads\/2025\/02\/livre.png 512w, https:\/\/geoseminaire2025.teledetection.fr\/wp-content\/uploads\/2025\/02\/livre-300x300.png 300w, https:\/\/geoseminaire2025.teledetection.fr\/wp-content\/uploads\/2025\/02\/livre-150x150.png 150w\" sizes=\"auto, (max-width: 35px) 100vw, 35px\" \/><\/a><\/strong><\/h2>\n\n\n\n<p><\/p>\n\n\n\n<h4 class=\"wp-block-heading\"><mark style=\"background-color:rgba(0, 0, 0, 0);color:#321b70\" class=\"has-inline-color\">Historique :<\/mark><\/h4>\n\n\n\n<p><\/p>\n\n\n\n<div class=\"wp-block-group is-content-justification-left is-nowrap is-layout-flex wp-container-core-group-is-layout-f56a869c wp-block-group-is-layout-flex\">\n<style>\n    .geo_2024 img {\n        width: 200px;\n        height: 200px;\n        margin-left: auto;\n        margin-right: auto;\n    }\n        \n<\/style>\n<div class=\"geo_2024\">\n        <img decoding=\"async\" src=\"\/wp-content\/uploads\/images\/anciennes_editions\/geo_2024.png\" alt=\"g\u00e9os\u00e9minaire 2024\">\n<\/div>\n\n\n\n<p>Le <strong><mark style=\"background-color:rgba(0, 0, 0, 0);color:#321b70\" class=\"has-inline-color\">G\u00e9os\u00e9minaire 2024<\/mark><\/strong> a explor\u00e9 les <strong><mark style=\"background-color:rgba(0, 0, 0, 0);color:#321b70\" class=\"has-inline-color\">usages de l\u2019Intelligence Artificielle en g\u00e9omatique<\/mark><\/strong> pour optimiser l\u2019analyse et la gestion des territoires. \u00c0 travers des cas concrets, il pr\u00e9sente les outils et m\u00e9thodes pour am\u00e9liorer le traitement des donn\u00e9es g\u00e9ographiques, tout en abordant les avanc\u00e9es et limites de cette technologie.<\/p>\n<\/div>\n\n\n\n<p><\/p>\n\n\n\n<div class=\"wp-block-group is-content-justification-left is-nowrap is-layout-flex wp-container-core-group-is-layout-f56a869c wp-block-group-is-layout-flex\">\n<style>\n        .geo_2023 img {\n            width: 200px;\n            height: 200px;\n            margin-left: auto;\n            margin-right: auto;\n        }\n            \n    <\/style>\n    <div class=\"geo_2023\">\n            <img decoding=\"async\" src=\"\/wp-content\/uploads\/images\/anciennes_editions\/geo_2023.png\" alt=\"g\u00e9os\u00e9minaire 2023\">\n<\/div>\n\n\n\n<p>Le <strong><mark style=\"background-color:rgba(0, 0, 0, 0);color:#108562\" class=\"has-inline-color\">G\u00e9os\u00e9minaire 2023<\/mark><\/strong> a pr\u00e9sent\u00e9 l\u2019<strong><mark style=\"background-color:rgba(0, 0, 0, 0);color:#108562\" class=\"has-inline-color\">\u00e9volution et influence de la g\u00e9omatique sur le territoire<\/mark><\/strong>. La cartographie pass\u00e9e d\u2019un simple outil de repr\u00e9sentation \u00e0 une discipline int\u00e9grant la g\u00e9omatique et les nouvelles technologies. Gr\u00e2ce aux avanc\u00e9es en satellite, informatique et IA, l\u2019analyse territoriale s\u2019est transform\u00e9e, soulevant des questions sur son impact et la r\u00e9solution des probl\u00e9matiques territoriales, ainsi que de leurs utilit\u00e9s pour traiter des probl\u00e9matiques futures..<\/p>\n<\/div>\n\n\n\n<p><\/p>\n\n\n\n<div class=\"wp-block-group is-content-justification-left is-nowrap is-layout-flex wp-container-core-group-is-layout-f56a869c wp-block-group-is-layout-flex\">\n<style>\n        .geo_2022 img {\n            width: 200px;\n            height: 130px;\n            margin-left: auto;\n            margin-right: auto;\n        }\n            \n    <\/style>\n    <div class=\"geo_2022\">\n            <img decoding=\"async\" src=\"\/wp-content\/uploads\/images\/anciennes_editions\/geo_2022.png\" alt=\"g\u00e9os\u00e9minaire 2022\">\n<\/div>\n\n\n\n<p>Le <strong><mark style=\"background-color:rgba(0, 0, 0, 0);color:#fd9405\" class=\"has-inline-color\">G\u00e9os\u00e9minaire 2022<\/mark><\/strong> a mis en \u00e9vidence la <strong><mark style=\"background-color:rgba(0, 0, 0, 0);color:#fd9405\" class=\"has-inline-color\">valorisation des g\u00e9o-donn\u00e9es priv\u00e9es face aux enjeux de sensibilit\u00e9 et de protection<\/mark><\/strong>. Avec l\u2019essor des technologies de g\u00e9olocalisation, la collecte et l\u2019exploitation des donn\u00e9es soul\u00e8vent des d\u00e9fis techniques, juridiques et \u00e9thiques. L\u2019\u00e9v\u00e8nement a pr\u00e9sent\u00e9 des solutions pour concilier usage strat\u00e9gique et respect de la confidentialit\u00e9.<\/p>\n<\/div>\n\n\n\n<p><\/p>\n\n\n\n<div class=\"wp-block-group is-content-justification-left is-nowrap is-layout-flex wp-container-core-group-is-layout-f56a869c wp-block-group-is-layout-flex\">\n<style>\n        .geo_2021 img {\n            width: 200px;\n            height: 200px;\n            margin-left: auto;\n            margin-right: auto;\n        }\n            \n    <\/style>\n    <div class=\"geo_2021\">\n            <img decoding=\"async\" src=\"\/wp-content\/uploads\/images\/anciennes_editions\/geo_2021.png\" alt=\"g\u00e9os\u00e9minaire 2021\">\n<\/div>\n\n\n\n<p>Le <strong><mark style=\"background-color:rgba(0, 0, 0, 0);color:#8b1616\" class=\"has-inline-color\">G\u00e9os\u00e9minaire 2021<\/mark><\/strong> a expos\u00e9 le r\u00f4le de<strong> <\/strong>la <strong><mark style=\"background-color:rgba(0, 0, 0, 0);color:#8b1616\" class=\"has-inline-color\">g\u00e9omatique au service de la r\u00e9silience face aux crises \u00e9cologiques<\/mark><\/strong>. Face \u00e0 la perte de biodiversit\u00e9 et au d\u00e9r\u00e8glement climatique, il est essentiel d\u2019agir et de s\u2019adapter. Ce s\u00e9minaire a abord\u00e9 des enjeux cl\u00e9s tels que la pr\u00e9servation des ressources, l\u2019artificialisation des sols, l\u2019agriculture et les opportunit\u00e9s offertes par la r\u00e9volution num\u00e9rique.<\/p>\n<\/div>\n\n\n\n<p><\/p>\n\n\n\n<div class=\"wp-block-group is-content-justification-left is-nowrap is-layout-flex wp-container-core-group-is-layout-f56a869c wp-block-group-is-layout-flex\">\n<style>\n        .geo_2019 img {\n            width: 200px;\n            height: 120px;\n            margin-left: auto;\n            margin-right: auto;\n        }\n            \n    <\/style>\n    <div class=\"geo_2019\">\n            <img decoding=\"async\" src=\"\/wp-content\/uploads\/images\/anciennes_editions\/geo_2019.jpg\" alt=\"g\u00e9os\u00e9minaire 2019\">\n<\/div>\n\n\n\n<p>Le <strong><mark style=\"background-color:rgba(0, 0, 0, 0);color:#3b5a9d\" class=\"has-inline-color\">G\u00e9os\u00e9minaire 2019<\/mark><\/strong> a \u00e9tudi\u00e9 les <strong><mark style=\"background-color:rgba(0, 0, 0, 0);color:#3b5a9d\" class=\"has-inline-color\">g\u00e9oservices de demain, leur impact sur les territoires et les technologies qu&rsquo;ils utilisent<\/mark><\/strong>. Il a \u00e9valu\u00e9 leur influence socio-\u00e9conomique et r\u00e9fl\u00e9chi aux \u00e9volutions futures des g\u00e9oservices, en tenant compte des progr\u00e8s technologiques et de l\u2019\u00e9volution des donn\u00e9es.<\/p>\n<\/div>\n\n\n\n<p><\/p>\n\n\n\n<div class=\"wp-block-group is-content-justification-left is-nowrap is-layout-flex wp-container-core-group-is-layout-f56a869c wp-block-group-is-layout-flex\">\n<style>\n        .geo_2018 img {\n            width: 200px;\n            height: 140px;\n            margin-left: auto;\n            margin-right: auto;\n        }\n            \n    <\/style>\n    <div class=\"geo_2018\">\n            <img decoding=\"async\" src=\"\/wp-content\/uploads\/images\/anciennes_editions\/geo_2018.jpg\" alt=\"g\u00e9os\u00e9minaire 2018\">\n<\/div>\n\n\n\n<p>Le <strong><mark style=\"background-color:rgba(0, 0, 0, 0)\" class=\"has-inline-color has-black-color\">G\u00e9os\u00e9minaire 2018<\/mark><\/strong> a analys\u00e9 l&rsquo;<strong><mark style=\"background-color:rgba(0, 0, 0, 0)\" class=\"has-inline-color has-black-color\">\u00e9volution de la g\u00e9omatique face aux nouvelles technologies<\/mark><\/strong> comme les algorithmes, le big data et le machine learning, ainsi qu&rsquo;\u00e0 la d\u00e9mocratisation de la cartographie via l&rsquo;Open Data. L&rsquo;\u00e9v\u00e9nement a interrog\u00e9 le r\u00f4le du g\u00e9omaticien et a propos\u00e9 des r\u00e9flexions sur les bonnes pratiques \u00e0 adopter. Des conf\u00e9rences et une table ronde ont permis de d\u00e9battre des d\u00e9fis actuels et futurs de la fili\u00e8re.<\/p>\n<\/div>\n\n\n\n<p><\/p>\n\n\n\n<div class=\"wp-block-group is-content-justification-left is-nowrap is-layout-flex wp-container-core-group-is-layout-f56a869c wp-block-group-is-layout-flex\">\n<style>\n        .geo_2017 img {\n            width: 200px;\n            height: 200px;\n            margin-left: auto;\n            margin-right: auto;\n        }\n            \n    <\/style>\n    <div class=\"geo_2017\">\n            <img decoding=\"async\" src=\"\/wp-content\/uploads\/images\/anciennes_editions\/geo_2017.png\" alt=\"g\u00e9os\u00e9minaire 2017\">\n<\/div>\n\n\n\n<p>Le <strong><mark style=\"background-color:rgba(0, 0, 0, 0);color:#cb2d81\" class=\"has-inline-color\">G\u00e9os\u00e9minaire 2017<\/mark><\/strong> a trait\u00e9 de la <strong><mark style=\"background-color:rgba(0, 0, 0, 0);color:#cb2d81\" class=\"has-inline-color\">g\u00e9omatique pour la synergie entre les acteurs des territoires<\/mark><\/strong>. Il a offert l&rsquo;opportunit\u00e9 d&rsquo;\u00e9changer avec des experts de l&rsquo;information g\u00e9ographique (AFIGEO, GEOSUD, etc.) et de rencontrer des acteurs diversifi\u00e9s de la g\u00e9omatique (bureaux d\u2019\u00e9tudes, \u00e9tablissements publics, associations, collectivit\u00e9s territoriales, etc.). L&rsquo;\u00e9v\u00e9nement a permis de renforcer la synergie entre ces diff\u00e9rents acteurs des territoires, favorisant les \u00e9changes et la collaboration dans le domaine de la g\u00e9omatique.<\/p>\n<\/div>\n\n\n\n<p><\/p>\n\n\n\n<div class=\"wp-block-group is-content-justification-left is-nowrap is-layout-flex wp-container-core-group-is-layout-f56a869c wp-block-group-is-layout-flex\">\n<style>\n        .geo_2016 img {\n            width: 200px;\n            height: 180px;\n            margin-left: auto;\n            margin-right: auto;\n        }\n            \n    <\/style>\n    <div class=\"geo_2016\">\n            <img decoding=\"async\" src=\"\/wp-content\/uploads\/images\/anciennes_editions\/geo_2016.png\" alt=\"g\u00e9os\u00e9minaire 2016\">\n<\/div>\n\n\n\n<p>Le <strong><mark style=\"background-color:rgba(0, 0, 0, 0);color:#158dee\" class=\"has-inline-color\">G\u00e9os\u00e9minaire 2016<\/mark><\/strong> a \u00e9valu\u00e9 l&rsquo;<strong><mark style=\"background-color:rgba(0, 0, 0, 0);color:#158dee\" class=\"has-inline-color\">impact de la g\u00e9omatique dans la gestion de l&rsquo;eau<\/mark><\/strong>, un secteur marqu\u00e9 par de nombreuses innovations gr\u00e2ce \u00e0 cette discipline. L&rsquo;\u00e9v\u00e9nement a r\u00e9uni la communaut\u00e9 g\u00e9omatique pour discuter des solutions adapt\u00e9es \u00e0 l&rsquo;usage des donn\u00e9es g\u00e9ographiques dans la gestion de l&rsquo;eau.<\/p>\n<\/div>\n\n\n\n<p><\/p>\n\n\n\n<div class=\"wp-block-group is-content-justification-left is-nowrap is-layout-flex wp-container-core-group-is-layout-f56a869c wp-block-group-is-layout-flex\">\n<style>\n        .geo_2015 img {\n            width: 200px;\n            height: 180px;\n            margin-left: auto;\n            margin-right: auto;\n        }\n            \n    <\/style>\n    <div class=\"geo_2015\">\n            <img decoding=\"async\" src=\"\/wp-content\/uploads\/images\/anciennes_editions\/geo_2015.jpg\" alt=\"g\u00e9os\u00e9minaire 2015\">\n<\/div>\n\n\n\n<p>Le <strong><mark style=\"background-color:rgba(0, 0, 0, 0);color:#7a9c56\" class=\"has-inline-color\">G\u00e9os\u00e9minaire 2015<\/mark><\/strong> a approfondi l&rsquo;<mark style=\"background-color:rgba(0, 0, 0, 0);color:#7a9c56\" class=\"has-inline-color\"><strong>influence de la g\u00e9omatique dans le d\u00e9veloppement des territoires intelligents<\/strong><\/mark>, en mettant l\u2019accent sur l&rsquo;importance des technologies de l&rsquo;information et de la communication (TIC). Il a rassembl\u00e9 la communaut\u00e9 g\u00e9omatique pour discuter de la mani\u00e8re dont ces technologies facilitent la gestion, l\u2019interpr\u00e9tation et le d\u00e9veloppement des territoires, en int\u00e9grant leurs dimensions g\u00e9ographiques, sociales, environnementales et \u00e9conomiques.<\/p>\n<\/div>\n\n\n\n<p><\/p>\n\n\n\n<div class=\"wp-block-group is-content-justification-left is-nowrap is-layout-flex wp-container-core-group-is-layout-f56a869c wp-block-group-is-layout-flex\">\n<style>\n        .geo_2014 img {\n            width: 200px;\n            height: 140px;\n            margin-left: auto;\n            margin-right: auto;\n        }\n            \n    <\/style>\n    <div class=\"geo_2014\">\n            <img decoding=\"async\" src=\"\/wp-content\/uploads\/images\/anciennes_editions\/geo_2014.png\" alt=\"g\u00e9os\u00e9minaire 2014\">\n <\/div>\n\n\n\n<p>Le <strong><mark style=\"background-color:rgba(0, 0, 0, 0);color:#0a059d\" class=\"has-inline-color\">G\u00e9os\u00e9minaire 2014<\/mark><\/strong> a abord\u00e9 les <strong><mark style=\"background-color:rgba(0, 0, 0, 0);color:#0a059d\" class=\"has-inline-color\">enjeux li\u00e9s \u00e0 la qualit\u00e9 et aux conditions d&rsquo;usage des donn\u00e9es g\u00e9ographiques<\/mark><\/strong>, dans un contexte marqu\u00e9 par l&rsquo;\u00e9volution de la g\u00e9omatique avec le d\u00e9veloppement d&rsquo;Internet et des services cartographiques. L&rsquo;ouverture des donn\u00e9es via le mouvement Open Data a d\u00e9mocratis\u00e9 leur acc\u00e8s et r\u00e9utilisation, pla\u00e7ant l&rsquo;information g\u00e9ographique au c\u0153ur des enjeux de communication et de prise de d\u00e9cision. Cependant, ces dynamiques soul\u00e8vent des questions sur la qualit\u00e9, l\u2019interop\u00e9rabilit\u00e9 et les conditions juridiques d&rsquo;utilisation.<\/p>\n<\/div>\n\n\n\n<p><\/p>\n\n\n\n<div class=\"wp-block-group is-content-justification-left is-nowrap is-layout-flex wp-container-core-group-is-layout-f56a869c wp-block-group-is-layout-flex\">\n<style>\n        .geo_2013 img {\n            width: 200px;\n            height: 150px;\n            margin-left: auto;\n            margin-right: auto;\n        }\n            \n    <\/style>\n    <div class=\"geo_2013\">\n            <img decoding=\"async\" src=\"\/wp-content\/uploads\/images\/anciennes_editions\/geo_2013.jpg\" alt=\"g\u00e9os\u00e9minaire 2013\">\n<\/div>\n\n\n\n<p>Le <strong><mark style=\"background-color:rgba(0, 0, 0, 0);color:#794994\" class=\"has-inline-color\">G\u00e9os\u00e9minaire 2013<\/mark><\/strong> a analys\u00e9 les <strong><mark style=\"background-color:rgba(0, 0, 0, 0);color:#794994\" class=\"has-inline-color\">usages et besoins en donn\u00e9es et services<\/mark><\/strong> dans le cadre de la mise en place de l\u2019Equipex GEOSUD, une plateforme offrant un acc\u00e8s mutualis\u00e9 et gratuit aux donn\u00e9es satellitaires pour les acteurs publics fran\u00e7ais. Il visait \u00e0 contribuer \u00e0 la sp\u00e9cification des outils et services de l\u2019Equipex en s\u2019appuyant sur les retours d\u2019exp\u00e9rience et les besoins exprim\u00e9s par les utilisateurs.<\/p>\n<\/div>\n\n\n\n<p><\/p>\n\n\n\n<div class=\"wp-block-group is-content-justification-left is-nowrap is-layout-flex wp-container-core-group-is-layout-f56a869c wp-block-group-is-layout-flex\">\n<style>\n        .geo_2012 img {\n            width: 200px;\n            height: 150px;\n            margin-left: auto;\n            margin-right: auto;\n        }\n            \n    <\/style>\n    <div class=\"geo_2012\">\n            <img decoding=\"async\" src=\"\/wp-content\/uploads\/images\/anciennes_editions\/geo_2012.jpg\" alt=\"g\u00e9os\u00e9minaire 2012\">\n<\/div>\n\n\n\n<p>Le <strong><mark style=\"background-color:rgba(0, 0, 0, 0);color:#347bc0\" class=\"has-inline-color\">G\u00e9os\u00e9minaire 2012<\/mark><\/strong> s\u2019est pench\u00e9 sur l&rsquo;<strong><mark style=\"background-color:rgba(0, 0, 0, 0);color:#347bc0\" class=\"has-inline-color\">\u00e9volution du march\u00e9 des donn\u00e9es g\u00e9ographiques<\/mark><\/strong> dans un contexte de transformations technologiques et sectorielles. L&rsquo;\u00e9v\u00e9nement a explor\u00e9 la diversification des besoins des utilisateurs, ainsi que les nouvelles m\u00e9thodes de production et de diffusion des donn\u00e9es.<\/p>\n<\/div>\n\n\n\n<p><\/p>\n\n\n\n<div class=\"wp-block-group is-content-justification-left is-nowrap is-layout-flex wp-container-core-group-is-layout-f56a869c wp-block-group-is-layout-flex\">\n<style>\n        .geo_2011 img {\n            width: 200px;\n            height: 170px;\n            margin-left: auto;\n            margin-right: auto;\n        }\n            \n    <\/style>\n    <div class=\"geo_2011\">\n            <img decoding=\"async\" src=\"\/wp-content\/uploads\/images\/anciennes_editions\/geo_2011.jpg\" alt=\"g\u00e9os\u00e9minaire 2011\">\n<\/div>\n\n\n\n<p>Le <strong><mark style=\"background-color:rgba(0, 0, 0, 0);color:#6f442a\" class=\"has-inline-color\">G\u00e9os\u00e9minaire 2011<\/mark><\/strong> a mis en lumi\u00e8re l&rsquo;importance de la <strong><mark style=\"background-color:rgba(0, 0, 0, 0);color:#6f442a\" class=\"has-inline-color\">g\u00e9omatique dans les d\u00e9marches participatives<\/mark><\/strong>, mettant en avant l&rsquo;essor de la cartographie participative comme outil de collecte de donn\u00e9es et de dialogue entre citoyens et institutions. Il a soulign\u00e9 comment des acteurs non-experts en g\u00e9omatique s\u2019approprient ces outils pour contribuer \u00e0 la planification et \u00e0 l\u2019am\u00e9nagement du territoire.<\/p>\n<\/div>\n\n\n\n<p><\/p>\n\n\n\n<div class=\"wp-block-group is-content-justification-left is-nowrap is-layout-flex wp-container-core-group-is-layout-f56a869c wp-block-group-is-layout-flex\">\n<style>\n        .geo_2010 img {\n            width: 200px;\n            height: 90px;\n            margin-left: auto;\n            margin-right: auto;\n        }\n            \n    <\/style>\n    <div class=\"geo_2010\">\n            <img decoding=\"async\" src=\"\/wp-content\/uploads\/images\/anciennes_editions\/geo_2010.jpg\" alt=\"g\u00e9os\u00e9minaire 2010\">\n<\/div>\n\n\n\n<p>Le <strong><mark style=\"background-color:rgba(0, 0, 0, 0);color:#bd6c13\" class=\"has-inline-color\">G\u00e9os\u00e9minaire 2010<\/mark><\/strong> s\u2019est inscrit dans la dynamique de la directive INSPIRE en s\u2019int\u00e9ressant \u00e0 la <strong><mark style=\"background-color:rgba(0, 0, 0, 0);color:#bd6c13\" class=\"has-inline-color\">gestion et aux infrastructures de donn\u00e9es g\u00e9ographiques<\/mark><\/strong> au service des territoires. Il a abord\u00e9 l\u2019explosion de l\u2019offre en donn\u00e9es spatiales, l\u2019interaction croissante des acteurs, la d\u00e9mocratisation de l\u2019information g\u00e9ographique et la complexification de la gestion territoriale, offrant ainsi un aper\u00e7u des enjeux et des perspectives.<\/p>\n<\/div>\n\n\n\n<p><\/p>\n\n\n\n<div class=\"wp-block-group is-content-justification-left is-nowrap is-layout-flex wp-container-core-group-is-layout-f56a869c wp-block-group-is-layout-flex\">\n<style>\n        .geo_2009 img {\n            width: 200px;\n            height: 90px;\n            margin-left: auto;\n            margin-right: auto;\n        }\n            \n    <\/style>\n    <div class=\"geo_2009\">\n            <img decoding=\"async\" src=\"\/wp-content\/uploads\/images\/anciennes_editions\/geo_2009.jpg\" alt=\"g\u00e9os\u00e9minaire 2009\">\n<\/div>\n\n\n\n<p>Le <strong><mark style=\"background-color:rgba(0, 0, 0, 0);color:#3c434b\" class=\"has-inline-color\">G\u00e9os\u00e9minaire 2009<\/mark><\/strong> a \u00e9tudi\u00e9 la <strong><mark style=\"background-color:rgba(0, 0, 0, 0);color:#3c434b\" class=\"has-inline-color\">r\u00e9volution des SIG nomades<\/mark><\/strong>, port\u00e9e par l\u2019essor des technologies de g\u00e9olocalisation (GPS, Galileo, Glonass), des terminaux mobiles connect\u00e9s et des services g\u00e9olocalis\u00e9s (g\u00e9oservices, LBS). Il a mis en avant l\u2019impact croissant de ces solutions sur la mobilit\u00e9 des professionnels et sur la transformation des usages quotidiens gr\u00e2ce \u00e0 des informations g\u00e9olocalis\u00e9es de plus en plus pr\u00e9cises et accessible<\/p>\n<\/div>\n\n\n\n<p><\/p>\n\n\n\n<div class=\"wp-block-group is-content-justification-left is-nowrap is-layout-flex wp-container-core-group-is-layout-f56a869c wp-block-group-is-layout-flex\">\n<style>\n        .geo_2008 img {\n            width: 200px;\n            height: 180px;\n            margin-left: auto;\n            margin-right: auto;\n        }\n            \n    <\/style>\n    <div class=\"geo_2008\">\n            <img decoding=\"async\" src=\"\/wp-content\/uploads\/images\/anciennes_editions\/geo_2008.jpg\" alt=\"g\u00e9os\u00e9minaire 2008\">\n<\/div>\n\n\n\n<p>Le <strong><mark style=\"background-color:rgba(0, 0, 0, 0);color:#27561e\" class=\"has-inline-color\">G\u00e9os\u00e9minaire 2008<\/mark><\/strong> a examin\u00e9 l&rsquo;<strong><mark style=\"background-color:rgba(0, 0, 0, 0);color:#27561e\" class=\"has-inline-color\">impact du Web 2.0 sur la g\u00e9omatique<\/mark><\/strong>, en particulier son influence sur les SIG collaboratifs. L&rsquo;\u00e9v\u00e9nement a explor\u00e9 des th\u00e8mes tels que l&rsquo;intelligence collective \u00e0 travers les r\u00e9seaux sociaux et les processus participatifs (globes virtuels, web collaboratif), ainsi que la mise \u00e0 disposition ordonn\u00e9e de l&rsquo;information g\u00e9ographique num\u00e9rique (webservices cartographiques, interop\u00e9rabilit\u00e9 des donn\u00e9es).<\/p>\n<\/div>\n","protected":false},"excerpt":{"rendered":"<p>Anciennes \u00e9ditions Historique : Le G\u00e9os\u00e9minaire 2024 a explor\u00e9 les usages de l\u2019Intelligence Artificielle en g\u00e9omatique pour optimiser l\u2019analyse et la gestion des territoires. \u00c0 travers des cas concrets, il pr\u00e9sente les outils et m\u00e9thodes pour am\u00e9liorer le traitement des donn\u00e9es g\u00e9ographiques, tout en abordant les avanc\u00e9es et limites de cette technologie. Le G\u00e9os\u00e9minaire 2023 [&hellip;]<\/p>\n","protected":false},"author":2,"featured_media":0,"parent":0,"menu_order":0,"comment_status":"closed","ping_status":"closed","template":"","meta":{"_uag_custom_page_level_css":"","footnotes":""},"class_list":["post-408","page","type-page","status-publish","hentry"],"yoast_head":"<!-- This site is optimized with the Yoast SEO plugin v26.0 - https:\/\/yoast.com\/wordpress\/plugins\/seo\/ -->\n<title>Anciennes \u00e9ditions - G\u00e9os\u00e9minaire 2025<\/title>\n<meta name=\"description\" content=\"Entre repr\u00e9sentation des territoires, attractivit\u00e9 et innovation, croiser les mondes de la g\u00e9omatique et du jeu vid\u00e9o.\" \/>\n<meta name=\"robots\" content=\"index, follow, max-snippet:-1, max-image-preview:large, max-video-preview:-1\" \/>\n<link rel=\"canonical\" href=\"https:\/\/geoseminaire2025.teledetection.fr\/?page_id=408\" \/>\n<meta property=\"og:locale\" content=\"fr_FR\" \/>\n<meta property=\"og:type\" content=\"article\" \/>\n<meta property=\"og:title\" content=\"Anciennes \u00e9ditions - G\u00e9os\u00e9minaire 2025\" \/>\n<meta property=\"og:description\" content=\"Entre repr\u00e9sentation des territoires, attractivit\u00e9 et innovation, croiser les mondes de la g\u00e9omatique et du jeu vid\u00e9o.\" \/>\n<meta property=\"og:url\" content=\"https:\/\/geoseminaire2025.teledetection.fr\/?page_id=408\" \/>\n<meta property=\"og:site_name\" content=\"G\u00e9os\u00e9minaire 2025\" \/>\n<meta property=\"article:publisher\" content=\"https:\/\/www.facebook.com\/people\/Geoseminaire-2025\/61572608900768\/\" \/>\n<meta property=\"article:modified_time\" content=\"2025-02-15T15:53:45+00:00\" \/>\n<meta property=\"og:image\" content=\"https:\/\/geoseminaire2025.teledetection.fr\/wp-content\/uploads\/2025\/02\/livre.png\" \/>\n\t<meta property=\"og:image:width\" content=\"512\" \/>\n\t<meta property=\"og:image:height\" content=\"512\" \/>\n\t<meta property=\"og:image:type\" content=\"image\/png\" \/>\n<meta name=\"twitter:card\" content=\"summary_large_image\" \/>\n<meta name=\"twitter:label1\" content=\"Dur\u00e9e de lecture estim\u00e9e\" \/>\n\t<meta name=\"twitter:data1\" content=\"9 minutes\" \/>\n<script type=\"application\/ld+json\" class=\"yoast-schema-graph\">{\"@context\":\"https:\/\/schema.org\",\"@graph\":[{\"@type\":\"WebPage\",\"@id\":\"https:\/\/geoseminaire2025.teledetection.fr\/?page_id=408\",\"url\":\"https:\/\/geoseminaire2025.teledetection.fr\/?page_id=408\",\"name\":\"Anciennes \u00e9ditions - G\u00e9os\u00e9minaire 2025\",\"isPartOf\":{\"@id\":\"https:\/\/geoseminaire2025.teledetection.fr\/#website\"},\"primaryImageOfPage\":{\"@id\":\"https:\/\/geoseminaire2025.teledetection.fr\/?page_id=408#primaryimage\"},\"image\":{\"@id\":\"https:\/\/geoseminaire2025.teledetection.fr\/?page_id=408#primaryimage\"},\"thumbnailUrl\":\"https:\/\/geoseminaire2025.teledetection.fr\/wp-content\/uploads\/2025\/02\/livre.png\",\"datePublished\":\"2025-01-20T18:41:55+00:00\",\"dateModified\":\"2025-02-15T15:53:45+00:00\",\"description\":\"Entre repr\u00e9sentation des territoires, attractivit\u00e9 et innovation, croiser les mondes de la g\u00e9omatique et du jeu vid\u00e9o.\",\"breadcrumb\":{\"@id\":\"https:\/\/geoseminaire2025.teledetection.fr\/?page_id=408#breadcrumb\"},\"inLanguage\":\"fr-FR\",\"potentialAction\":[{\"@type\":\"ReadAction\",\"target\":[\"https:\/\/geoseminaire2025.teledetection.fr\/?page_id=408\"]}]},{\"@type\":\"ImageObject\",\"inLanguage\":\"fr-FR\",\"@id\":\"https:\/\/geoseminaire2025.teledetection.fr\/?page_id=408#primaryimage\",\"url\":\"https:\/\/geoseminaire2025.teledetection.fr\/wp-content\/uploads\/2025\/02\/livre.png\",\"contentUrl\":\"https:\/\/geoseminaire2025.teledetection.fr\/wp-content\/uploads\/2025\/02\/livre.png\",\"width\":512,\"height\":512},{\"@type\":\"BreadcrumbList\",\"@id\":\"https:\/\/geoseminaire2025.teledetection.fr\/?page_id=408#breadcrumb\",\"itemListElement\":[{\"@type\":\"ListItem\",\"position\":1,\"name\":\"Accueil\",\"item\":\"https:\/\/geoseminaire2025.teledetection.fr\/\"},{\"@type\":\"ListItem\",\"position\":2,\"name\":\"Anciennes \u00e9ditions\"}]},{\"@type\":\"WebSite\",\"@id\":\"https:\/\/geoseminaire2025.teledetection.fr\/#website\",\"url\":\"https:\/\/geoseminaire2025.teledetection.fr\/\",\"name\":\"G\u00e9os\u00e9minaire 2025\",\"description\":\"GIS &amp; GAMING\",\"publisher\":{\"@id\":\"https:\/\/geoseminaire2025.teledetection.fr\/#organization\"},\"alternateName\":\"G\u00e9os\u00e9minaire\",\"potentialAction\":[{\"@type\":\"SearchAction\",\"target\":{\"@type\":\"EntryPoint\",\"urlTemplate\":\"https:\/\/geoseminaire2025.teledetection.fr\/?s={search_term_string}\"},\"query-input\":{\"@type\":\"PropertyValueSpecification\",\"valueRequired\":true,\"valueName\":\"search_term_string\"}}],\"inLanguage\":\"fr-FR\"},{\"@type\":\"Organization\",\"@id\":\"https:\/\/geoseminaire2025.teledetection.fr\/#organization\",\"name\":\"G\u00e9os\u00e9minaire 2025\",\"alternateName\":\"G\u00e9os\u00e9minaire\",\"url\":\"https:\/\/geoseminaire2025.teledetection.fr\/\",\"logo\":{\"@type\":\"ImageObject\",\"inLanguage\":\"fr-FR\",\"@id\":\"https:\/\/geoseminaire2025.teledetection.fr\/#\/schema\/logo\/image\/\",\"url\":\"https:\/\/geoseminaire2025.teledetection.fr\/wp-content\/uploads\/2025\/01\/G-geoseminaire_sans_fond_capri.png\",\"contentUrl\":\"https:\/\/geoseminaire2025.teledetection.fr\/wp-content\/uploads\/2025\/01\/G-geoseminaire_sans_fond_capri.png\",\"width\":1024,\"height\":1024,\"caption\":\"G\u00e9os\u00e9minaire 2025\"},\"image\":{\"@id\":\"https:\/\/geoseminaire2025.teledetection.fr\/#\/schema\/logo\/image\/\"},\"sameAs\":[\"https:\/\/www.facebook.com\/people\/Geoseminaire-2025\/61572608900768\/\",\"https:\/\/www.youtube.com\/@geoseminairesilat9797\",\"https:\/\/www.instagram.com\/geoseminaire\/\"]}]}<\/script>\n<!-- \/ Yoast SEO plugin. -->","yoast_head_json":{"title":"Anciennes \u00e9ditions - G\u00e9os\u00e9minaire 2025","description":"Entre repr\u00e9sentation des territoires, attractivit\u00e9 et innovation, croiser les mondes de la g\u00e9omatique et du jeu vid\u00e9o.","robots":{"index":"index","follow":"follow","max-snippet":"max-snippet:-1","max-image-preview":"max-image-preview:large","max-video-preview":"max-video-preview:-1"},"canonical":"https:\/\/geoseminaire2025.teledetection.fr\/?page_id=408","og_locale":"fr_FR","og_type":"article","og_title":"Anciennes \u00e9ditions - G\u00e9os\u00e9minaire 2025","og_description":"Entre repr\u00e9sentation des territoires, attractivit\u00e9 et innovation, croiser les mondes de la g\u00e9omatique et du jeu vid\u00e9o.","og_url":"https:\/\/geoseminaire2025.teledetection.fr\/?page_id=408","og_site_name":"G\u00e9os\u00e9minaire 2025","article_publisher":"https:\/\/www.facebook.com\/people\/Geoseminaire-2025\/61572608900768\/","article_modified_time":"2025-02-15T15:53:45+00:00","og_image":[{"width":512,"height":512,"url":"https:\/\/geoseminaire2025.teledetection.fr\/wp-content\/uploads\/2025\/02\/livre.png","type":"image\/png"}],"twitter_card":"summary_large_image","twitter_misc":{"Dur\u00e9e de lecture estim\u00e9e":"9 minutes"},"schema":{"@context":"https:\/\/schema.org","@graph":[{"@type":"WebPage","@id":"https:\/\/geoseminaire2025.teledetection.fr\/?page_id=408","url":"https:\/\/geoseminaire2025.teledetection.fr\/?page_id=408","name":"Anciennes \u00e9ditions - G\u00e9os\u00e9minaire 2025","isPartOf":{"@id":"https:\/\/geoseminaire2025.teledetection.fr\/#website"},"primaryImageOfPage":{"@id":"https:\/\/geoseminaire2025.teledetection.fr\/?page_id=408#primaryimage"},"image":{"@id":"https:\/\/geoseminaire2025.teledetection.fr\/?page_id=408#primaryimage"},"thumbnailUrl":"https:\/\/geoseminaire2025.teledetection.fr\/wp-content\/uploads\/2025\/02\/livre.png","datePublished":"2025-01-20T18:41:55+00:00","dateModified":"2025-02-15T15:53:45+00:00","description":"Entre repr\u00e9sentation des territoires, attractivit\u00e9 et innovation, croiser les mondes de la g\u00e9omatique et du jeu vid\u00e9o.","breadcrumb":{"@id":"https:\/\/geoseminaire2025.teledetection.fr\/?page_id=408#breadcrumb"},"inLanguage":"fr-FR","potentialAction":[{"@type":"ReadAction","target":["https:\/\/geoseminaire2025.teledetection.fr\/?page_id=408"]}]},{"@type":"ImageObject","inLanguage":"fr-FR","@id":"https:\/\/geoseminaire2025.teledetection.fr\/?page_id=408#primaryimage","url":"https:\/\/geoseminaire2025.teledetection.fr\/wp-content\/uploads\/2025\/02\/livre.png","contentUrl":"https:\/\/geoseminaire2025.teledetection.fr\/wp-content\/uploads\/2025\/02\/livre.png","width":512,"height":512},{"@type":"BreadcrumbList","@id":"https:\/\/geoseminaire2025.teledetection.fr\/?page_id=408#breadcrumb","itemListElement":[{"@type":"ListItem","position":1,"name":"Accueil","item":"https:\/\/geoseminaire2025.teledetection.fr\/"},{"@type":"ListItem","position":2,"name":"Anciennes \u00e9ditions"}]},{"@type":"WebSite","@id":"https:\/\/geoseminaire2025.teledetection.fr\/#website","url":"https:\/\/geoseminaire2025.teledetection.fr\/","name":"G\u00e9os\u00e9minaire 2025","description":"GIS &amp; GAMING","publisher":{"@id":"https:\/\/geoseminaire2025.teledetection.fr\/#organization"},"alternateName":"G\u00e9os\u00e9minaire","potentialAction":[{"@type":"SearchAction","target":{"@type":"EntryPoint","urlTemplate":"https:\/\/geoseminaire2025.teledetection.fr\/?s={search_term_string}"},"query-input":{"@type":"PropertyValueSpecification","valueRequired":true,"valueName":"search_term_string"}}],"inLanguage":"fr-FR"},{"@type":"Organization","@id":"https:\/\/geoseminaire2025.teledetection.fr\/#organization","name":"G\u00e9os\u00e9minaire 2025","alternateName":"G\u00e9os\u00e9minaire","url":"https:\/\/geoseminaire2025.teledetection.fr\/","logo":{"@type":"ImageObject","inLanguage":"fr-FR","@id":"https:\/\/geoseminaire2025.teledetection.fr\/#\/schema\/logo\/image\/","url":"https:\/\/geoseminaire2025.teledetection.fr\/wp-content\/uploads\/2025\/01\/G-geoseminaire_sans_fond_capri.png","contentUrl":"https:\/\/geoseminaire2025.teledetection.fr\/wp-content\/uploads\/2025\/01\/G-geoseminaire_sans_fond_capri.png","width":1024,"height":1024,"caption":"G\u00e9os\u00e9minaire 2025"},"image":{"@id":"https:\/\/geoseminaire2025.teledetection.fr\/#\/schema\/logo\/image\/"},"sameAs":["https:\/\/www.facebook.com\/people\/Geoseminaire-2025\/61572608900768\/","https:\/\/www.youtube.com\/@geoseminairesilat9797","https:\/\/www.instagram.com\/geoseminaire\/"]}]}},"uagb_featured_image_src":{"full":false,"thumbnail":false,"medium":false,"medium_large":false,"large":false,"1536x1536":false,"2048x2048":false,"blogarise-slider-full":false,"blogarise-featured":false,"blogarise-medium":false},"uagb_author_info":{"display_name":"Salima Rakass","author_link":"https:\/\/geoseminaire2025.teledetection.fr\/?author=2"},"uagb_comment_info":0,"uagb_excerpt":"Anciennes \u00e9ditions Historique : Le G\u00e9os\u00e9minaire 2024 a explor\u00e9 les usages de l\u2019Intelligence Artificielle en g\u00e9omatique pour optimiser l\u2019analyse et la gestion des territoires. \u00c0 travers des cas concrets, il pr\u00e9sente les outils et m\u00e9thodes pour am\u00e9liorer le traitement des donn\u00e9es g\u00e9ographiques, tout en abordant les avanc\u00e9es et limites de cette technologie. Le G\u00e9os\u00e9minaire 2023\u2026","_links":{"self":[{"href":"https:\/\/geoseminaire2025.teledetection.fr\/index.php?rest_route=\/wp\/v2\/pages\/408","targetHints":{"allow":["GET"]}}],"collection":[{"href":"https:\/\/geoseminaire2025.teledetection.fr\/index.php?rest_route=\/wp\/v2\/pages"}],"about":[{"href":"https:\/\/geoseminaire2025.teledetection.fr\/index.php?rest_route=\/wp\/v2\/types\/page"}],"author":[{"embeddable":true,"href":"https:\/\/geoseminaire2025.teledetection.fr\/index.php?rest_route=\/wp\/v2\/users\/2"}],"replies":[{"embeddable":true,"href":"https:\/\/geoseminaire2025.teledetection.fr\/index.php?rest_route=%2Fwp%2Fv2%2Fcomments&post=408"}],"version-history":[{"count":82,"href":"https:\/\/geoseminaire2025.teledetection.fr\/index.php?rest_route=\/wp\/v2\/pages\/408\/revisions"}],"predecessor-version":[{"id":1016,"href":"https:\/\/geoseminaire2025.teledetection.fr\/index.php?rest_route=\/wp\/v2\/pages\/408\/revisions\/1016"}],"wp:attachment":[{"href":"https:\/\/geoseminaire2025.teledetection.fr\/index.php?rest_route=%2Fwp%2Fv2%2Fmedia&parent=408"}],"curies":[{"name":"wp","href":"https:\/\/api.w.org\/{rel}","templated":true}]}}